{"id":1300,"date":"2025-01-24T09:51:04","date_gmt":"2025-01-24T12:51:04","guid":{"rendered":"https:\/\/wticifes.com.br\/2025\/?page_id=1300"},"modified":"2025-07-03T10:36:37","modified_gmt":"2025-07-03T13:36:37","slug":"o-papel-do-comite-cientifico","status":"publish","type":"page","link":"https:\/\/wticifes.com.br\/2025\/o-papel-do-comite-cientifico\/","title":{"rendered":"O papel do comit\u00ea ci\u00eantifico"},"content":{"rendered":"\t\t<div data-elementor-type=\"wp-page\" data-elementor-id=\"1300\" class=\"elementor elementor-1300\" data-elementor-post-type=\"page\">\n\t\t\t\t<div class=\"elementor-element elementor-element-a3d7f9b e-flex e-con-boxed e-con e-parent\" data-id=\"a3d7f9b\" data-element_type=\"container\" data-settings=\"{&quot;background_background&quot;:&quot;classic&quot;,&quot;position&quot;:&quot;fixed&quot;}\">\n\t\t\t\t\t<div class=\"e-con-inner\">\n\t\t<div class=\"elementor-element elementor-element-728501b e-con-full e-flex e-con e-child\" data-id=\"728501b\" data-element_type=\"container\">\n\t\t\t\t<div class=\"elementor-element elementor-element-2b2437b elementor-widget__width-initial elementor-hidden-mobile elementor-widget elementor-widget-image\" data-id=\"2b2437b\" data-element_type=\"widget\" data-widget_type=\"image.default\">\n\t\t\t\t<div class=\"elementor-widget-container\">\n\t\t\t\t\t\t\t\t\t\t\t\t\t\t<a href=\"https:\/\/wticifes.com.br\/2025\/\">\n\t\t\t\t\t\t\t<img fetchpriority=\"high\" decoding=\"async\" width=\"744\" height=\"204\" src=\"https:\/\/wticifes.com.br\/2025\/wp-content\/uploads\/sites\/3\/2024\/12\/Logo-WTICIFES-3-2.png\" class=\"attachment-full size-full wp-image-11\" alt=\"\" srcset=\"https:\/\/wticifes.com.br\/2025\/wp-content\/uploads\/sites\/3\/2024\/12\/Logo-WTICIFES-3-2.png 744w, https:\/\/wticifes.com.br\/2025\/wp-content\/uploads\/sites\/3\/2024\/12\/Logo-WTICIFES-3-2-300x82.png 300w\" sizes=\"(max-width: 744px) 100vw, 744px\" \/>\t\t\t\t\t\t\t\t<\/a>\n\t\t\t\t\t\t\t\t\t\t\t\t\t<\/div>\n\t\t\t\t<\/div>\n\t\t\t\t<div class=\"elementor-element elementor-element-e418c77 elementor-widget__width-initial elementor-hidden-desktop elementor-hidden-tablet elementor-widget elementor-widget-image\" data-id=\"e418c77\" data-element_type=\"widget\" data-widget_type=\"image.default\">\n\t\t\t\t<div class=\"elementor-widget-container\">\n\t\t\t\t\t\t\t\t\t\t\t\t\t\t<a href=\"https:\/\/wticifes.com.br\/2025\/\">\n\t\t\t\t\t\t\t<img decoding=\"async\" width=\"100\" height=\"128\" src=\"https:\/\/wticifes.com.br\/2025\/wp-content\/uploads\/sites\/3\/2024\/12\/logo_wticifes_3_3_4x-2.webp\" class=\"attachment-full size-full wp-image-1033\" alt=\"\" \/>\t\t\t\t\t\t\t\t<\/a>\n\t\t\t\t\t\t\t\t\t\t\t\t\t<\/div>\n\t\t\t\t<\/div>\n\t\t\t\t<div class=\"elementor-element elementor-element-bc1ac0e elementor-nav-menu__align-end elementor-hidden-tablet elementor-hidden-mobile elementor-nav-menu--dropdown-tablet elementor-nav-menu__text-align-aside elementor-nav-menu--toggle elementor-nav-menu--burger elementor-widget elementor-widget-nav-menu\" data-id=\"bc1ac0e\" data-element_type=\"widget\" data-settings=\"{&quot;layout&quot;:&quot;horizontal&quot;,&quot;submenu_icon&quot;:{&quot;value&quot;:&quot;&lt;svg class=\\&quot;e-font-icon-svg e-fas-caret-down\\&quot; viewBox=\\&quot;0 0 320 512\\&quot; xmlns=\\&quot;http:\\\/\\\/www.w3.org\\\/2000\\\/svg\\&quot;&gt;&lt;path d=\\&quot;M31.3 192h257.3c17.8 0 26.7 21.5 14.1 34.1L174.1 354.8c-7.8 7.8-20.5 7.8-28.3 0L17.2 226.1C4.6 213.5 13.5 192 31.3 192z\\&quot;&gt;&lt;\\\/path&gt;&lt;\\\/svg&gt;&quot;,&quot;library&quot;:&quot;fa-solid&quot;},&quot;toggle&quot;:&quot;burger&quot;}\" data-widget_type=\"nav-menu.default\">\n\t\t\t\t<div class=\"elementor-widget-container\">\n\t\t\t\t\t\t<nav aria-label=\"Menu\" class=\"elementor-nav-menu--main elementor-nav-menu__container elementor-nav-menu--layout-horizontal e--pointer-underline e--animation-fade\">\n\t\t\t\t<ul id=\"menu-1-bc1ac0e\" class=\"elementor-nav-menu\"><li class=\"menu-item menu-item-type-custom menu-item-object-custom menu-item-has-children menu-item-1472\"><a href=\"#\" class=\"elementor-item elementor-item-anchor\">Evento<\/a>\n<ul class=\"sub-menu elementor-nav-menu--dropdown\">\n\t<li class=\"menu-item menu-item-type-custom menu-item-object-custom menu-item-home menu-item-1478\"><a href=\"https:\/\/wticifes.com.br\/2025\/#local\" class=\"elementor-sub-item elementor-item-anchor\">Local<\/a><\/li>\n\t<li class=\"menu-item menu-item-type-custom menu-item-object-custom menu-item-home menu-item-1479\"><a href=\"https:\/\/wticifes.com.br\/2025\/#programacao\" class=\"elementor-sub-item elementor-item-anchor\">Programa\u00e7\u00e3o<\/a><\/li>\n\t<li class=\"menu-item menu-item-type-custom menu-item-object-custom menu-item-home menu-item-1480\"><a href=\"https:\/\/wticifes.com.br\/2025\/#palestrantes\" class=\"elementor-sub-item elementor-item-anchor\">Convidados<\/a><\/li>\n\t<li class=\"menu-item menu-item-type-post_type menu-item-object-page menu-item-2634\"><a href=\"https:\/\/wticifes.com.br\/2025\/hoteis\/\" class=\"elementor-sub-item\">Hot\u00e9is Parceiros<\/a><\/li>\n\t<li class=\"menu-item menu-item-type-custom menu-item-object-custom menu-item-has-children menu-item-1481\"><a class=\"elementor-sub-item\">Boletins<\/a>\n\t<ul class=\"sub-menu elementor-nav-menu--dropdown\">\n\t\t<li class=\"menu-item menu-item-type-custom menu-item-object-custom menu-item-2468\"><a href=\"https:\/\/wticifes.com.br\/2025\/wp-content\/uploads\/sites\/3\/2025\/01\/BOLETIM-WITICIFES-01-ok-quebrada.cdr_.pdf\" class=\"elementor-sub-item\">1\u00b0 Boletim<\/a><\/li>\n\t\t<li class=\"menu-item menu-item-type-custom menu-item-object-custom menu-item-2477\"><a href=\"https:\/\/wticifes.com.br\/2025\/wp-content\/uploads\/sites\/3\/2025\/02\/2o-BOLETIM-WTICIFES-2025.pdf\" class=\"elementor-sub-item\">2\u00b0 Boletim<\/a><\/li>\n\t\t<li class=\"menu-item menu-item-type-custom menu-item-object-custom menu-item-2879\"><a href=\"https:\/\/wticifes.com.br\/2025\/wp-content\/uploads\/sites\/3\/2025\/06\/BOLETIMWTICIFES-MAI2025.pdf\" class=\"elementor-sub-item\">3\u00b0 Boletim<\/a><\/li>\n\t<\/ul>\n<\/li>\n\t<li class=\"menu-item menu-item-type-custom menu-item-object-custom menu-item-home menu-item-1482\"><a href=\"https:\/\/wticifes.com.br\/2025\/#galeria\" class=\"elementor-sub-item elementor-item-anchor\">Fotos<\/a><\/li>\n<\/ul>\n<\/li>\n<li class=\"menu-item menu-item-type-custom menu-item-object-custom menu-item-has-children menu-item-1474\"><a href=\"#\" class=\"elementor-item elementor-item-anchor\">Comit\u00ea Cient\u00edfico<\/a>\n<ul class=\"sub-menu elementor-nav-menu--dropdown\">\n\t<li class=\"menu-item menu-item-type-custom menu-item-object-custom menu-item-1492\"><a href=\"https:\/\/wticifes.com.br\/2025\/o-papel-do-comite-cientifico\/\" class=\"elementor-sub-item\">Conhe\u00e7a o comit\u00ea<\/a><\/li>\n\t<li class=\"menu-item menu-item-type-custom menu-item-object-custom menu-item-1493\"><a href=\"https:\/\/repositorio.wticifes.com.br\/home\" class=\"elementor-sub-item\">Reposit\u00f3rio Digital<\/a><\/li>\n\t<li class=\"menu-item menu-item-type-custom menu-item-object-custom menu-item-1494\"><a href=\"https:\/\/wticifes.com.br\/2025\/submissao-trabalhos\/\" class=\"elementor-sub-item\">Submiss\u00e3o de trabalhos<\/a><\/li>\n\t<li class=\"menu-item menu-item-type-custom menu-item-object-custom menu-item-1495\"><a href=\"https:\/\/wticifes.com.br\/2025\/editais\/\" class=\"elementor-sub-item\">Editais<\/a><\/li>\n<\/ul>\n<\/li>\n<li class=\"menu-item menu-item-type-custom menu-item-object-custom menu-item-home menu-item-1475\"><a href=\"https:\/\/wticifes.com.br\/2025\/#patrocinadores\" class=\"elementor-item elementor-item-anchor\">Patroc\u00ednio<\/a><\/li>\n<li class=\"menu-item menu-item-type-custom menu-item-object-custom menu-item-home menu-item-has-children menu-item-1476\"><a href=\"https:\/\/wticifes.com.br\/2025\/#\" class=\"elementor-item elementor-item-anchor\">Edi\u00e7\u00f5es<\/a>\n<ul class=\"sub-menu elementor-nav-menu--dropdown\">\n\t<li class=\"menu-item menu-item-type-custom menu-item-object-custom menu-item-1496\"><a href=\"https:\/\/wticifes.com.br\/2025\/wticifes-sao-paulo-2024\/\" class=\"elementor-sub-item\">2024<\/a><\/li>\n\t<li class=\"menu-item menu-item-type-custom menu-item-object-custom menu-item-1497\"><a href=\"https:\/\/wticifes.com.br\/2025\/wticifes-sao-luis-2023\/\" class=\"elementor-sub-item\">2023<\/a><\/li>\n\t<li class=\"menu-item menu-item-type-custom menu-item-object-custom menu-item-1500\"><a href=\"https:\/\/wticifes.com.br\/2025\/wticifes-joao-pessoa-2020-realizada-em-2021\/\" class=\"elementor-sub-item\">2020<\/a><\/li>\n<\/ul>\n<\/li>\n<li class=\"menu-item menu-item-type-custom menu-item-object-custom menu-item-home menu-item-1477\"><a href=\"https:\/\/wticifes.com.br\/2025\/#contato\" class=\"elementor-item elementor-item-anchor\">Contato<\/a><\/li>\n<\/ul>\t\t\t<\/nav>\n\t\t\t\t\t<div class=\"elementor-menu-toggle\" role=\"button\" tabindex=\"0\" aria-label=\"Menu Toggle\" aria-expanded=\"false\">\n\t\t\t<svg aria-hidden=\"true\" role=\"presentation\" class=\"elementor-menu-toggle__icon--open e-font-icon-svg e-eicon-menu-bar\" viewBox=\"0 0 1000 1000\" xmlns=\"http:\/\/www.w3.org\/2000\/svg\"><path d=\"M104 333H896C929 333 958 304 958 271S929 208 896 208H104C71 208 42 237 42 271S71 333 104 333ZM104 583H896C929 583 958 554 958 521S929 458 896 458H104C71 458 42 487 42 521S71 583 104 583ZM104 833H896C929 833 958 804 958 771S929 708 896 708H104C71 708 42 737 42 771S71 833 104 833Z\"><\/path><\/svg><svg aria-hidden=\"true\" role=\"presentation\" class=\"elementor-menu-toggle__icon--close e-font-icon-svg e-eicon-close\" viewBox=\"0 0 1000 1000\" xmlns=\"http:\/\/www.w3.org\/2000\/svg\"><path d=\"M742 167L500 408 258 167C246 154 233 150 217 150 196 150 179 158 167 167 154 179 150 196 150 212 150 229 154 242 171 254L408 500 167 742C138 771 138 800 167 829 196 858 225 858 254 829L496 587 738 829C750 842 767 846 783 846 800 846 817 842 829 829 842 817 846 804 846 783 846 767 842 750 829 737L588 500 833 258C863 229 863 200 833 171 804 137 775 137 742 167Z\"><\/path><\/svg>\t\t\t<span class=\"elementor-screen-only\">Menu<\/span>\n\t\t<\/div>\n\t\t\t\t\t<nav class=\"elementor-nav-menu--dropdown elementor-nav-menu__container\" aria-hidden=\"true\">\n\t\t\t\t<ul id=\"menu-2-bc1ac0e\" class=\"elementor-nav-menu\"><li class=\"menu-item menu-item-type-custom menu-item-object-custom menu-item-has-children menu-item-1472\"><a href=\"#\" class=\"elementor-item elementor-item-anchor\" tabindex=\"-1\">Evento<\/a>\n<ul class=\"sub-menu elementor-nav-menu--dropdown\">\n\t<li class=\"menu-item menu-item-type-custom menu-item-object-custom menu-item-home menu-item-1478\"><a href=\"https:\/\/wticifes.com.br\/2025\/#local\" class=\"elementor-sub-item elementor-item-anchor\" tabindex=\"-1\">Local<\/a><\/li>\n\t<li class=\"menu-item menu-item-type-custom menu-item-object-custom menu-item-home menu-item-1479\"><a href=\"https:\/\/wticifes.com.br\/2025\/#programacao\" class=\"elementor-sub-item elementor-item-anchor\" tabindex=\"-1\">Programa\u00e7\u00e3o<\/a><\/li>\n\t<li class=\"menu-item menu-item-type-custom menu-item-object-custom menu-item-home menu-item-1480\"><a href=\"https:\/\/wticifes.com.br\/2025\/#palestrantes\" class=\"elementor-sub-item elementor-item-anchor\" tabindex=\"-1\">Convidados<\/a><\/li>\n\t<li class=\"menu-item menu-item-type-post_type menu-item-object-page menu-item-2634\"><a href=\"https:\/\/wticifes.com.br\/2025\/hoteis\/\" class=\"elementor-sub-item\" tabindex=\"-1\">Hot\u00e9is Parceiros<\/a><\/li>\n\t<li class=\"menu-item menu-item-type-custom menu-item-object-custom menu-item-has-children menu-item-1481\"><a class=\"elementor-sub-item\" tabindex=\"-1\">Boletins<\/a>\n\t<ul class=\"sub-menu elementor-nav-menu--dropdown\">\n\t\t<li class=\"menu-item menu-item-type-custom menu-item-object-custom menu-item-2468\"><a href=\"https:\/\/wticifes.com.br\/2025\/wp-content\/uploads\/sites\/3\/2025\/01\/BOLETIM-WITICIFES-01-ok-quebrada.cdr_.pdf\" class=\"elementor-sub-item\" tabindex=\"-1\">1\u00b0 Boletim<\/a><\/li>\n\t\t<li class=\"menu-item menu-item-type-custom menu-item-object-custom menu-item-2477\"><a href=\"https:\/\/wticifes.com.br\/2025\/wp-content\/uploads\/sites\/3\/2025\/02\/2o-BOLETIM-WTICIFES-2025.pdf\" class=\"elementor-sub-item\" tabindex=\"-1\">2\u00b0 Boletim<\/a><\/li>\n\t\t<li class=\"menu-item menu-item-type-custom menu-item-object-custom menu-item-2879\"><a href=\"https:\/\/wticifes.com.br\/2025\/wp-content\/uploads\/sites\/3\/2025\/06\/BOLETIMWTICIFES-MAI2025.pdf\" class=\"elementor-sub-item\" tabindex=\"-1\">3\u00b0 Boletim<\/a><\/li>\n\t<\/ul>\n<\/li>\n\t<li class=\"menu-item menu-item-type-custom menu-item-object-custom menu-item-home menu-item-1482\"><a href=\"https:\/\/wticifes.com.br\/2025\/#galeria\" class=\"elementor-sub-item elementor-item-anchor\" tabindex=\"-1\">Fotos<\/a><\/li>\n<\/ul>\n<\/li>\n<li class=\"menu-item menu-item-type-custom menu-item-object-custom menu-item-has-children menu-item-1474\"><a href=\"#\" class=\"elementor-item elementor-item-anchor\" tabindex=\"-1\">Comit\u00ea Cient\u00edfico<\/a>\n<ul class=\"sub-menu elementor-nav-menu--dropdown\">\n\t<li class=\"menu-item menu-item-type-custom menu-item-object-custom menu-item-1492\"><a href=\"https:\/\/wticifes.com.br\/2025\/o-papel-do-comite-cientifico\/\" class=\"elementor-sub-item\" tabindex=\"-1\">Conhe\u00e7a o comit\u00ea<\/a><\/li>\n\t<li class=\"menu-item menu-item-type-custom menu-item-object-custom menu-item-1493\"><a href=\"https:\/\/repositorio.wticifes.com.br\/home\" class=\"elementor-sub-item\" tabindex=\"-1\">Reposit\u00f3rio Digital<\/a><\/li>\n\t<li class=\"menu-item menu-item-type-custom menu-item-object-custom menu-item-1494\"><a href=\"https:\/\/wticifes.com.br\/2025\/submissao-trabalhos\/\" class=\"elementor-sub-item\" tabindex=\"-1\">Submiss\u00e3o de trabalhos<\/a><\/li>\n\t<li class=\"menu-item menu-item-type-custom menu-item-object-custom menu-item-1495\"><a href=\"https:\/\/wticifes.com.br\/2025\/editais\/\" class=\"elementor-sub-item\" tabindex=\"-1\">Editais<\/a><\/li>\n<\/ul>\n<\/li>\n<li class=\"menu-item menu-item-type-custom menu-item-object-custom menu-item-home menu-item-1475\"><a href=\"https:\/\/wticifes.com.br\/2025\/#patrocinadores\" class=\"elementor-item elementor-item-anchor\" tabindex=\"-1\">Patroc\u00ednio<\/a><\/li>\n<li class=\"menu-item menu-item-type-custom menu-item-object-custom menu-item-home menu-item-has-children menu-item-1476\"><a href=\"https:\/\/wticifes.com.br\/2025\/#\" class=\"elementor-item elementor-item-anchor\" tabindex=\"-1\">Edi\u00e7\u00f5es<\/a>\n<ul class=\"sub-menu elementor-nav-menu--dropdown\">\n\t<li class=\"menu-item menu-item-type-custom menu-item-object-custom menu-item-1496\"><a href=\"https:\/\/wticifes.com.br\/2025\/wticifes-sao-paulo-2024\/\" class=\"elementor-sub-item\" tabindex=\"-1\">2024<\/a><\/li>\n\t<li class=\"menu-item menu-item-type-custom menu-item-object-custom menu-item-1497\"><a href=\"https:\/\/wticifes.com.br\/2025\/wticifes-sao-luis-2023\/\" class=\"elementor-sub-item\" tabindex=\"-1\">2023<\/a><\/li>\n\t<li class=\"menu-item menu-item-type-custom menu-item-object-custom menu-item-1500\"><a href=\"https:\/\/wticifes.com.br\/2025\/wticifes-joao-pessoa-2020-realizada-em-2021\/\" class=\"elementor-sub-item\" tabindex=\"-1\">2020<\/a><\/li>\n<\/ul>\n<\/li>\n<li class=\"menu-item menu-item-type-custom menu-item-object-custom menu-item-home menu-item-1477\"><a href=\"https:\/\/wticifes.com.br\/2025\/#contato\" class=\"elementor-item elementor-item-anchor\" tabindex=\"-1\">Contato<\/a><\/li>\n<\/ul>\t\t\t<\/nav>\n\t\t\t\t<\/div>\n\t\t\t\t<\/div>\n\t\t\t\t<div class=\"elementor-element elementor-element-fcd0554 elementor-nav-menu--stretch elementor-hidden-desktop elementor-nav-menu__text-align-aside elementor-nav-menu--toggle elementor-nav-menu--burger elementor-widget elementor-widget-nav-menu\" data-id=\"fcd0554\" data-element_type=\"widget\" data-settings=\"{&quot;layout&quot;:&quot;dropdown&quot;,&quot;full_width&quot;:&quot;stretch&quot;,&quot;submenu_icon&quot;:{&quot;value&quot;:&quot;&lt;svg class=\\&quot;e-font-icon-svg e-fas-caret-down\\&quot; viewBox=\\&quot;0 0 320 512\\&quot; xmlns=\\&quot;http:\\\/\\\/www.w3.org\\\/2000\\\/svg\\&quot;&gt;&lt;path d=\\&quot;M31.3 192h257.3c17.8 0 26.7 21.5 14.1 34.1L174.1 354.8c-7.8 7.8-20.5 7.8-28.3 0L17.2 226.1C4.6 213.5 13.5 192 31.3 192z\\&quot;&gt;&lt;\\\/path&gt;&lt;\\\/svg&gt;&quot;,&quot;library&quot;:&quot;fa-solid&quot;},&quot;toggle&quot;:&quot;burger&quot;}\" data-widget_type=\"nav-menu.default\">\n\t\t\t\t<div class=\"elementor-widget-container\">\n\t\t\t\t\t<div class=\"elementor-menu-toggle\" role=\"button\" tabindex=\"0\" aria-label=\"Menu Toggle\" aria-expanded=\"false\">\n\t\t\t<svg aria-hidden=\"true\" role=\"presentation\" class=\"elementor-menu-toggle__icon--open e-font-icon-svg e-eicon-menu-bar\" viewBox=\"0 0 1000 1000\" xmlns=\"http:\/\/www.w3.org\/2000\/svg\"><path d=\"M104 333H896C929 333 958 304 958 271S929 208 896 208H104C71 208 42 237 42 271S71 333 104 333ZM104 583H896C929 583 958 554 958 521S929 458 896 458H104C71 458 42 487 42 521S71 583 104 583ZM104 833H896C929 833 958 804 958 771S929 708 896 708H104C71 708 42 737 42 771S71 833 104 833Z\"><\/path><\/svg><svg aria-hidden=\"true\" role=\"presentation\" class=\"elementor-menu-toggle__icon--close e-font-icon-svg e-eicon-close\" viewBox=\"0 0 1000 1000\" xmlns=\"http:\/\/www.w3.org\/2000\/svg\"><path d=\"M742 167L500 408 258 167C246 154 233 150 217 150 196 150 179 158 167 167 154 179 150 196 150 212 150 229 154 242 171 254L408 500 167 742C138 771 138 800 167 829 196 858 225 858 254 829L496 587 738 829C750 842 767 846 783 846 800 846 817 842 829 829 842 817 846 804 846 783 846 767 842 750 829 737L588 500 833 258C863 229 863 200 833 171 804 137 775 137 742 167Z\"><\/path><\/svg>\t\t\t<span class=\"elementor-screen-only\">Menu<\/span>\n\t\t<\/div>\n\t\t\t\t\t<nav class=\"elementor-nav-menu--dropdown elementor-nav-menu__container\" aria-hidden=\"true\">\n\t\t\t\t<ul id=\"menu-2-fcd0554\" class=\"elementor-nav-menu\"><li class=\"menu-item menu-item-type-custom menu-item-object-custom menu-item-has-children menu-item-1472\"><a href=\"#\" class=\"elementor-item elementor-item-anchor\" tabindex=\"-1\">Evento<\/a>\n<ul class=\"sub-menu elementor-nav-menu--dropdown\">\n\t<li class=\"menu-item menu-item-type-custom menu-item-object-custom menu-item-home menu-item-1478\"><a href=\"https:\/\/wticifes.com.br\/2025\/#local\" class=\"elementor-sub-item elementor-item-anchor\" tabindex=\"-1\">Local<\/a><\/li>\n\t<li class=\"menu-item menu-item-type-custom menu-item-object-custom menu-item-home menu-item-1479\"><a href=\"https:\/\/wticifes.com.br\/2025\/#programacao\" class=\"elementor-sub-item elementor-item-anchor\" tabindex=\"-1\">Programa\u00e7\u00e3o<\/a><\/li>\n\t<li class=\"menu-item menu-item-type-custom menu-item-object-custom menu-item-home menu-item-1480\"><a href=\"https:\/\/wticifes.com.br\/2025\/#palestrantes\" class=\"elementor-sub-item elementor-item-anchor\" tabindex=\"-1\">Convidados<\/a><\/li>\n\t<li class=\"menu-item menu-item-type-post_type menu-item-object-page menu-item-2634\"><a href=\"https:\/\/wticifes.com.br\/2025\/hoteis\/\" class=\"elementor-sub-item\" tabindex=\"-1\">Hot\u00e9is Parceiros<\/a><\/li>\n\t<li class=\"menu-item menu-item-type-custom menu-item-object-custom menu-item-has-children menu-item-1481\"><a class=\"elementor-sub-item\" tabindex=\"-1\">Boletins<\/a>\n\t<ul class=\"sub-menu elementor-nav-menu--dropdown\">\n\t\t<li class=\"menu-item menu-item-type-custom menu-item-object-custom menu-item-2468\"><a href=\"https:\/\/wticifes.com.br\/2025\/wp-content\/uploads\/sites\/3\/2025\/01\/BOLETIM-WITICIFES-01-ok-quebrada.cdr_.pdf\" class=\"elementor-sub-item\" tabindex=\"-1\">1\u00b0 Boletim<\/a><\/li>\n\t\t<li class=\"menu-item menu-item-type-custom menu-item-object-custom menu-item-2477\"><a href=\"https:\/\/wticifes.com.br\/2025\/wp-content\/uploads\/sites\/3\/2025\/02\/2o-BOLETIM-WTICIFES-2025.pdf\" class=\"elementor-sub-item\" tabindex=\"-1\">2\u00b0 Boletim<\/a><\/li>\n\t\t<li class=\"menu-item menu-item-type-custom menu-item-object-custom menu-item-2879\"><a href=\"https:\/\/wticifes.com.br\/2025\/wp-content\/uploads\/sites\/3\/2025\/06\/BOLETIMWTICIFES-MAI2025.pdf\" class=\"elementor-sub-item\" tabindex=\"-1\">3\u00b0 Boletim<\/a><\/li>\n\t<\/ul>\n<\/li>\n\t<li class=\"menu-item menu-item-type-custom menu-item-object-custom menu-item-home menu-item-1482\"><a href=\"https:\/\/wticifes.com.br\/2025\/#galeria\" class=\"elementor-sub-item elementor-item-anchor\" tabindex=\"-1\">Fotos<\/a><\/li>\n<\/ul>\n<\/li>\n<li class=\"menu-item menu-item-type-custom menu-item-object-custom menu-item-has-children menu-item-1474\"><a href=\"#\" class=\"elementor-item elementor-item-anchor\" tabindex=\"-1\">Comit\u00ea Cient\u00edfico<\/a>\n<ul class=\"sub-menu elementor-nav-menu--dropdown\">\n\t<li class=\"menu-item menu-item-type-custom menu-item-object-custom menu-item-1492\"><a href=\"https:\/\/wticifes.com.br\/2025\/o-papel-do-comite-cientifico\/\" class=\"elementor-sub-item\" tabindex=\"-1\">Conhe\u00e7a o comit\u00ea<\/a><\/li>\n\t<li class=\"menu-item menu-item-type-custom menu-item-object-custom menu-item-1493\"><a href=\"https:\/\/repositorio.wticifes.com.br\/home\" class=\"elementor-sub-item\" tabindex=\"-1\">Reposit\u00f3rio Digital<\/a><\/li>\n\t<li class=\"menu-item menu-item-type-custom menu-item-object-custom menu-item-1494\"><a href=\"https:\/\/wticifes.com.br\/2025\/submissao-trabalhos\/\" class=\"elementor-sub-item\" tabindex=\"-1\">Submiss\u00e3o de trabalhos<\/a><\/li>\n\t<li class=\"menu-item menu-item-type-custom menu-item-object-custom menu-item-1495\"><a href=\"https:\/\/wticifes.com.br\/2025\/editais\/\" class=\"elementor-sub-item\" tabindex=\"-1\">Editais<\/a><\/li>\n<\/ul>\n<\/li>\n<li class=\"menu-item menu-item-type-custom menu-item-object-custom menu-item-home menu-item-1475\"><a href=\"https:\/\/wticifes.com.br\/2025\/#patrocinadores\" class=\"elementor-item elementor-item-anchor\" tabindex=\"-1\">Patroc\u00ednio<\/a><\/li>\n<li class=\"menu-item menu-item-type-custom menu-item-object-custom menu-item-home menu-item-has-children menu-item-1476\"><a href=\"https:\/\/wticifes.com.br\/2025\/#\" class=\"elementor-item elementor-item-anchor\" tabindex=\"-1\">Edi\u00e7\u00f5es<\/a>\n<ul class=\"sub-menu elementor-nav-menu--dropdown\">\n\t<li class=\"menu-item menu-item-type-custom menu-item-object-custom menu-item-1496\"><a href=\"https:\/\/wticifes.com.br\/2025\/wticifes-sao-paulo-2024\/\" class=\"elementor-sub-item\" tabindex=\"-1\">2024<\/a><\/li>\n\t<li class=\"menu-item menu-item-type-custom menu-item-object-custom menu-item-1497\"><a href=\"https:\/\/wticifes.com.br\/2025\/wticifes-sao-luis-2023\/\" class=\"elementor-sub-item\" tabindex=\"-1\">2023<\/a><\/li>\n\t<li class=\"menu-item menu-item-type-custom menu-item-object-custom menu-item-1500\"><a href=\"https:\/\/wticifes.com.br\/2025\/wticifes-joao-pessoa-2020-realizada-em-2021\/\" class=\"elementor-sub-item\" tabindex=\"-1\">2020<\/a><\/li>\n<\/ul>\n<\/li>\n<li class=\"menu-item menu-item-type-custom menu-item-object-custom menu-item-home menu-item-1477\"><a href=\"https:\/\/wticifes.com.br\/2025\/#contato\" class=\"elementor-item elementor-item-anchor\" tabindex=\"-1\">Contato<\/a><\/li>\n<\/ul>\t\t\t<\/nav>\n\t\t\t\t<\/div>\n\t\t\t\t<\/div>\n\t\t\t\t<\/div>\n\t\t\t\t\t<\/div>\n\t\t\t\t<\/div>\n\t\t<div class=\"elementor-element elementor-element-736ddb3 e-flex e-con-boxed e-con e-parent\" data-id=\"736ddb3\" data-element_type=\"container\" data-settings=\"{&quot;background_background&quot;:&quot;classic&quot;}\">\n\t\t\t\t\t<div class=\"e-con-inner\">\n\t\t\t\t<div class=\"elementor-element elementor-element-f363198 elementor-widget-mobile__width-initial elementor-widget elementor-widget-text-editor\" data-id=\"f363198\" data-element_type=\"widget\" data-widget_type=\"text-editor.default\">\n\t\t\t\t<div class=\"elementor-widget-container\">\n\t\t\t\t\t\t\t<p>O Papel do comit\u00ea cient\u00edfico<\/p>\t\t\t\t\t\t<\/div>\n\t\t\t\t<\/div>\n\t\t\t\t<div class=\"elementor-element elementor-element-07d39c8 elementor-widget__width-inherit elementor-widget elementor-widget-image\" data-id=\"07d39c8\" data-element_type=\"widget\" data-widget_type=\"image.default\">\n\t\t\t\t<div class=\"elementor-widget-container\">\n\t\t\t\t\t\t\t\t\t\t\t\t\t<img decoding=\"async\" width=\"1220\" height=\"609\" src=\"https:\/\/wticifes.com.br\/2025\/wp-content\/uploads\/sites\/3\/2025\/01\/group_1321314716.webp\" class=\"attachment-full size-full wp-image-1302\" alt=\"\" srcset=\"https:\/\/wticifes.com.br\/2025\/wp-content\/uploads\/sites\/3\/2025\/01\/group_1321314716.webp 1220w, https:\/\/wticifes.com.br\/2025\/wp-content\/uploads\/sites\/3\/2025\/01\/group_1321314716-300x150.webp 300w, https:\/\/wticifes.com.br\/2025\/wp-content\/uploads\/sites\/3\/2025\/01\/group_1321314716-1024x511.webp 1024w, https:\/\/wticifes.com.br\/2025\/wp-content\/uploads\/sites\/3\/2025\/01\/group_1321314716-768x383.webp 768w\" sizes=\"(max-width: 1220px) 100vw, 1220px\" \/>\t\t\t\t\t\t\t\t\t\t\t\t\t<\/div>\n\t\t\t\t<\/div>\n\t\t\t\t<div class=\"elementor-element elementor-element-ddd488a elementor-widget elementor-widget-text-editor\" data-id=\"ddd488a\" data-element_type=\"widget\" data-widget_type=\"text-editor.default\">\n\t\t\t\t<div class=\"elementor-widget-container\">\n\t\t\t\t\t\t\t<p>O comit\u00ea cient\u00edfico do WTICIFES \u00e9 respons\u00e1vel pela coordena\u00e7\u00e3o da estrutura cient\u00edfica do evento, abrangendo a sele\u00e7\u00e3o e avalia\u00e7\u00e3o dos trabalhos submetidos, a defini\u00e7\u00e3o dos temas e eixos tem\u00e1ticos a serem abordados, al\u00e9m de apoiar e conduzir as apresenta\u00e7\u00f5es orais e os pain\u00e9is dos trabalhos aprovados durante as sess\u00f5es t\u00e9cnicas.<\/p>\t\t\t\t\t\t<\/div>\n\t\t\t\t<\/div>\n\t\t\t\t\t<\/div>\n\t\t\t\t<\/div>\n\t\t<div class=\"elementor-element elementor-element-bc2e354 e-flex e-con-boxed e-con e-parent\" data-id=\"bc2e354\" data-element_type=\"container\" data-settings=\"{&quot;background_background&quot;:&quot;classic&quot;}\">\n\t\t\t\t\t<div class=\"e-con-inner\">\n\t\t\t\t<div class=\"elementor-element elementor-element-da0f352 elementor-widget-mobile__width-initial elementor-widget elementor-widget-text-editor\" data-id=\"da0f352\" data-element_type=\"widget\" data-widget_type=\"text-editor.default\">\n\t\t\t\t<div class=\"elementor-widget-container\">\n\t\t\t\t\t\t\t<p>Conhe\u00e7a os membros do comit\u00ea<\/p>\t\t\t\t\t\t<\/div>\n\t\t\t\t<\/div>\n\t\t\t\t<div class=\"elementor-element elementor-element-a5a5dfb elementor-widget elementor-widget-text-editor\" data-id=\"a5a5dfb\" data-element_type=\"widget\" data-widget_type=\"text-editor.default\">\n\t\t\t\t<div class=\"elementor-widget-container\">\n\t\t\t\t\t\t\t<p>Formado por profissionais experientes, o Comit\u00ea Cient\u00edfico \u00e9 respons\u00e1vel por garantir a qualidade acad\u00eamica e t\u00e9cnica do WTICIFES, conduzindo avalia\u00e7\u00f5es, temas e sess\u00f5es com excel\u00eancia.<\/p>\t\t\t\t\t\t<\/div>\n\t\t\t\t<\/div>\n\t\t\t\t<div class=\"elementor-element elementor-element-59a5d91 elementor-widget__width-initial elementor-widget-mobile__width-inherit elementor-arrows-position-inside elementor-widget elementor-widget-n-carousel\" data-id=\"59a5d91\" data-element_type=\"widget\" data-settings=\"{&quot;carousel_items&quot;:[{&quot;slide_title&quot;:&quot;Slide #1&quot;,&quot;_id&quot;:&quot;e371638&quot;},{&quot;slide_title&quot;:&quot;Slide #1&quot;,&quot;_id&quot;:&quot;71b553b&quot;},{&quot;slide_title&quot;:&quot;Slide #1&quot;,&quot;_id&quot;:&quot;c572d24&quot;},{&quot;slide_title&quot;:&quot;Slide #1&quot;,&quot;_id&quot;:&quot;9733a94&quot;},{&quot;slide_title&quot;:&quot;Slide #1&quot;,&quot;_id&quot;:&quot;5b16360&quot;},{&quot;slide_title&quot;:&quot;Slide #1&quot;,&quot;_id&quot;:&quot;9ad2403&quot;},{&quot;slide_title&quot;:&quot;Slide #1&quot;,&quot;_id&quot;:&quot;cff4545&quot;},{&quot;slide_title&quot;:&quot;Slide #1&quot;,&quot;_id&quot;:&quot;d3610ab&quot;},{&quot;_id&quot;:&quot;48173b3&quot;,&quot;slide_title&quot;:&quot;Slide #10&quot;}],&quot;slides_to_show&quot;:&quot;1&quot;,&quot;slides_to_scroll&quot;:&quot;1&quot;,&quot;slides_to_scroll_mobile&quot;:&quot;1&quot;,&quot;slides_to_show_tablet&quot;:&quot;1&quot;,&quot;slides_to_show_mobile&quot;:&quot;1&quot;,&quot;autoplay&quot;:&quot;yes&quot;,&quot;autoplay_speed&quot;:5000,&quot;pause_on_hover&quot;:&quot;yes&quot;,&quot;pause_on_interaction&quot;:&quot;yes&quot;,&quot;infinite&quot;:&quot;yes&quot;,&quot;speed&quot;:500,&quot;offset_sides&quot;:&quot;none&quot;,&quot;arrows&quot;:&quot;yes&quot;,&quot;image_spacing_custom&quot;:{&quot;unit&quot;:&quot;px&quot;,&quot;size&quot;:10,&quot;sizes&quot;:[]},&quot;image_spacing_custom_tablet&quot;:{&quot;unit&quot;:&quot;px&quot;,&quot;size&quot;:&quot;&quot;,&quot;sizes&quot;:[]},&quot;image_spacing_custom_mobile&quot;:{&quot;unit&quot;:&quot;px&quot;,&quot;size&quot;:&quot;&quot;,&quot;sizes&quot;:[]}}\" data-widget_type=\"nested-carousel.default\">\n\t\t\t\t<div class=\"elementor-widget-container\">\n\t\t\t\t\t<div class=\"e-n-carousel swiper\" dir=\"ltr\">\n\t\t\t<div class=\"swiper-wrapper\" aria-live=\"off\">\n\t\t\t\t\t\t\t\t\t\t<div class=\"swiper-slide\" data-slide=\"1\" role=\"group\" aria-roledescription=\"slide\" aria-label=\"1 of 9\">\n\t\t\t\t\t\t\t<div class=\"elementor-element elementor-element-85cdfb0 e-con-full e-flex e-con e-child\" data-id=\"85cdfb0\" data-element_type=\"container\">\n\t\t<div class=\"elementor-element elementor-element-9e5327f e-con-full e-flex e-con e-child\" data-id=\"9e5327f\" data-element_type=\"container\">\n\t\t\t\t<div class=\"elementor-element elementor-element-22c1c67 elementor-widget-mobile__width-inherit elementor-widget elementor-widget-image\" data-id=\"22c1c67\" data-element_type=\"widget\" data-widget_type=\"image.default\">\n\t\t\t\t<div class=\"elementor-widget-container\">\n\t\t\t\t\t\t\t\t\t\t\t\t\t<img loading=\"lazy\" decoding=\"async\" width=\"293\" height=\"342\" src=\"https:\/\/wticifes.com.br\/2025\/wp-content\/uploads\/sites\/3\/2025\/01\/mask_group.webp\" class=\"attachment-full size-full wp-image-1355\" alt=\"\" srcset=\"https:\/\/wticifes.com.br\/2025\/wp-content\/uploads\/sites\/3\/2025\/01\/mask_group.webp 293w, https:\/\/wticifes.com.br\/2025\/wp-content\/uploads\/sites\/3\/2025\/01\/mask_group-257x300.webp 257w\" sizes=\"(max-width: 293px) 100vw, 293px\" \/>\t\t\t\t\t\t\t\t\t\t\t\t\t<\/div>\n\t\t\t\t<\/div>\n\t\t<div class=\"elementor-element elementor-element-f69b669 e-con-full e-flex e-con e-child\" data-id=\"f69b669\" data-element_type=\"container\" data-settings=\"{&quot;background_background&quot;:&quot;classic&quot;}\">\n\t\t\t\t<div class=\"elementor-element elementor-element-12fb958 elementor-widget-mobile__width-initial elementor-widget__width-inherit elementor-widget elementor-widget-text-editor\" data-id=\"12fb958\" data-element_type=\"widget\" data-widget_type=\"text-editor.default\">\n\t\t\t\t<div class=\"elementor-widget-container\">\n\t\t\t\t\t\t\t<p>Alexsandro Cardoso Carvalho<\/p>\t\t\t\t\t\t<\/div>\n\t\t\t\t<\/div>\n\t\t\t\t<div class=\"elementor-element elementor-element-8b097ed elementor-widget-mobile__width-initial elementor-widget__width-inherit elementor-widget elementor-widget-text-editor\" data-id=\"8b097ed\" data-element_type=\"widget\" data-widget_type=\"text-editor.default\">\n\t\t\t\t<div class=\"elementor-widget-container\">\n\t\t\t\t\t\t\t<p>Universidade Federal de S\u00e3o Paulo &#8211; UNIFESP<\/p>\t\t\t\t\t\t<\/div>\n\t\t\t\t<\/div>\n\t\t\t\t<div class=\"elementor-element elementor-element-f42c8ad elementor-widget-mobile__width-inherit elementor-widget__width-inherit elementor-widget elementor-widget-text-editor\" data-id=\"f42c8ad\" data-element_type=\"widget\" data-widget_type=\"text-editor.default\">\n\t\t\t\t<div class=\"elementor-widget-container\">\n\t\t\t\t\t\t\t<p>alexsandro.carvalho@unifesp.br<\/p>\t\t\t\t\t\t<\/div>\n\t\t\t\t<\/div>\n\t\t\t\t<div class=\"elementor-element elementor-element-0794e2f elementor-widget elementor-widget-text-editor\" data-id=\"0794e2f\" data-element_type=\"widget\" data-widget_type=\"text-editor.default\">\n\t\t\t\t<div class=\"elementor-widget-container\">\n\t\t\t\t\t\t\t<p>Diretor de Governan\u00e7a e Planejamento da STI\/UNIFESP e residente do CSIRT. Graduado em Inform\u00e1tica, especialista em Redes e Direito Educacional, \u00e9 mestrando em Pol\u00edticas P\u00fablicas. Atua em governan\u00e7a, dados abertos e seguran\u00e7a da informa\u00e7\u00e3o, sendo Co Gestor do Escrit\u00f3rio de Dados Estrat\u00e9gicos e pesquisador do SoU Ci\u00eancia. Foi Coordenador Cient\u00edfico do WTICIFES 2024.<\/p>\t\t\t\t\t\t<\/div>\n\t\t\t\t<\/div>\n\t\t\t\t<\/div>\n\t\t\t\t<\/div>\n\t\t\t\t<\/div>\n\t\t\t\t\t\t\t\t<\/div>\n\t\t\t\t\t\t\t\t\t\t\t<div class=\"swiper-slide\" data-slide=\"2\" role=\"group\" aria-roledescription=\"slide\" aria-label=\"2 of 9\">\n\t\t\t\t\t\t\t<div class=\"elementor-element elementor-element-91be03c e-flex e-con-boxed e-con e-child\" data-id=\"91be03c\" data-element_type=\"container\">\n\t\t\t\t\t<div class=\"e-con-inner\">\n\t\t<div class=\"elementor-element elementor-element-f5bda4c e-con-full e-flex e-con e-child\" data-id=\"f5bda4c\" data-element_type=\"container\">\n\t\t\t\t<div class=\"elementor-element elementor-element-8919abd elementor-widget-mobile__width-inherit elementor-widget elementor-widget-image\" data-id=\"8919abd\" data-element_type=\"widget\" data-widget_type=\"image.default\">\n\t\t\t\t<div class=\"elementor-widget-container\">\n\t\t\t\t\t\t\t\t\t\t\t\t\t<img loading=\"lazy\" decoding=\"async\" width=\"293\" height=\"342\" src=\"https:\/\/wticifes.com.br\/2025\/wp-content\/uploads\/sites\/3\/2025\/01\/mask_group-1.webp\" class=\"attachment-full size-full wp-image-1354\" alt=\"\" srcset=\"https:\/\/wticifes.com.br\/2025\/wp-content\/uploads\/sites\/3\/2025\/01\/mask_group-1.webp 293w, https:\/\/wticifes.com.br\/2025\/wp-content\/uploads\/sites\/3\/2025\/01\/mask_group-1-257x300.webp 257w\" sizes=\"(max-width: 293px) 100vw, 293px\" \/>\t\t\t\t\t\t\t\t\t\t\t\t\t<\/div>\n\t\t\t\t<\/div>\n\t\t<div class=\"elementor-element elementor-element-0d315ae e-con-full e-flex e-con e-child\" data-id=\"0d315ae\" data-element_type=\"container\" data-settings=\"{&quot;background_background&quot;:&quot;classic&quot;}\">\n\t\t\t\t<div class=\"elementor-element elementor-element-c97f869 elementor-widget-mobile__width-initial elementor-widget__width-inherit elementor-widget elementor-widget-text-editor\" data-id=\"c97f869\" data-element_type=\"widget\" data-widget_type=\"text-editor.default\">\n\t\t\t\t<div class=\"elementor-widget-container\">\n\t\t\t\t\t\t\t<p>Anilton Maia<\/p>\t\t\t\t\t\t<\/div>\n\t\t\t\t<\/div>\n\t\t\t\t<div class=\"elementor-element elementor-element-13348ba elementor-widget-mobile__width-initial elementor-widget__width-inherit elementor-widget elementor-widget-text-editor\" data-id=\"13348ba\" data-element_type=\"widget\" data-widget_type=\"text-editor.default\">\n\t\t\t\t<div class=\"elementor-widget-container\">\n\t\t\t\t\t\t\t<p>Universidade Federal do Maranh\u00e3o -UFMA<\/p>\t\t\t\t\t\t<\/div>\n\t\t\t\t<\/div>\n\t\t\t\t<div class=\"elementor-element elementor-element-f5b8345 elementor-widget-mobile__width-inherit elementor-widget__width-inherit elementor-widget elementor-widget-text-editor\" data-id=\"f5b8345\" data-element_type=\"widget\" data-widget_type=\"text-editor.default\">\n\t\t\t\t<div class=\"elementor-widget-container\">\n\t\t\t\t\t\t\t<p>anilton.maia@ufma.br<\/p>\t\t\t\t\t\t<\/div>\n\t\t\t\t<\/div>\n\t\t\t\t<div class=\"elementor-element elementor-element-6176490 elementor-widget elementor-widget-text-editor\" data-id=\"6176490\" data-element_type=\"widget\" data-widget_type=\"text-editor.default\">\n\t\t\t\t<div class=\"elementor-widget-container\">\n\t\t\t\t\t\t\tGraduado, p\u00f3s-graduado, mestre e doutorando em Ci\u00eancia da Computa\u00e7\u00e3o pela UFMA, Anilton atua desde 2005 em TIC nas \u00e1reas de sa\u00fade e educa\u00e7\u00e3o, com foco em transforma\u00e7\u00e3o digital. Coordenador de TIC do Telessa\u00fade Brasil Redes no Maranh\u00e3o e membro ativo de SBIS e ABTms, \u00e9 Superintendente de TI da UFMA, liderando projetos de governan\u00e7a, seguran\u00e7a da informa\u00e7\u00e3o, lean six-sigma, ci\u00eancia de dados e planejamento estrat\u00e9gico. Possui vasta experi\u00eancia na implanta\u00e7\u00e3o de sistemas e gest\u00e3o de processos em TIC.\t\t\t\t\t\t<\/div>\n\t\t\t\t<\/div>\n\t\t\t\t<\/div>\n\t\t\t\t<\/div>\n\t\t\t\t\t<\/div>\n\t\t\t\t<\/div>\n\t\t\t\t\t\t\t\t<\/div>\n\t\t\t\t\t\t\t\t\t\t\t<div class=\"swiper-slide\" data-slide=\"3\" role=\"group\" aria-roledescription=\"slide\" aria-label=\"3 of 9\">\n\t\t\t\t\t\t\t<div class=\"elementor-element elementor-element-7350cd3 e-flex e-con-boxed e-con e-child\" data-id=\"7350cd3\" data-element_type=\"container\">\n\t\t\t\t\t<div class=\"e-con-inner\">\n\t\t<div class=\"elementor-element elementor-element-aaee4be e-con-full e-flex e-con e-child\" data-id=\"aaee4be\" data-element_type=\"container\">\n\t\t\t\t<div class=\"elementor-element elementor-element-7f066b4 elementor-widget-mobile__width-inherit elementor-widget elementor-widget-image\" data-id=\"7f066b4\" data-element_type=\"widget\" data-widget_type=\"image.default\">\n\t\t\t\t<div class=\"elementor-widget-container\">\n\t\t\t\t\t\t\t\t\t\t\t\t\t<img loading=\"lazy\" decoding=\"async\" width=\"293\" height=\"342\" src=\"https:\/\/wticifes.com.br\/2025\/wp-content\/uploads\/sites\/3\/2025\/01\/mask_group-2.webp\" class=\"attachment-full size-full wp-image-1353\" alt=\"\" srcset=\"https:\/\/wticifes.com.br\/2025\/wp-content\/uploads\/sites\/3\/2025\/01\/mask_group-2.webp 293w, https:\/\/wticifes.com.br\/2025\/wp-content\/uploads\/sites\/3\/2025\/01\/mask_group-2-257x300.webp 257w\" sizes=\"(max-width: 293px) 100vw, 293px\" \/>\t\t\t\t\t\t\t\t\t\t\t\t\t<\/div>\n\t\t\t\t<\/div>\n\t\t<div class=\"elementor-element elementor-element-c713522 e-con-full e-flex e-con e-child\" data-id=\"c713522\" data-element_type=\"container\" data-settings=\"{&quot;background_background&quot;:&quot;classic&quot;}\">\n\t\t\t\t<div class=\"elementor-element elementor-element-ccb002e elementor-widget-mobile__width-initial elementor-widget__width-inherit elementor-widget elementor-widget-text-editor\" data-id=\"ccb002e\" data-element_type=\"widget\" data-widget_type=\"text-editor.default\">\n\t\t\t\t<div class=\"elementor-widget-container\">\n\t\t\t\t\t\t\t<p>Franklhes Santos Carvalho<\/p>\t\t\t\t\t\t<\/div>\n\t\t\t\t<\/div>\n\t\t\t\t<div class=\"elementor-element elementor-element-9ad2612 elementor-widget-mobile__width-initial elementor-widget__width-inherit elementor-widget elementor-widget-text-editor\" data-id=\"9ad2612\" data-element_type=\"widget\" data-widget_type=\"text-editor.default\">\n\t\t\t\t<div class=\"elementor-widget-container\">\n\t\t\t\t\t\t\t<p>Universidade Federal do Piau\u00ed &#8211; UFPI<\/p>\t\t\t\t\t\t<\/div>\n\t\t\t\t<\/div>\n\t\t\t\t<div class=\"elementor-element elementor-element-766ba04 elementor-widget-mobile__width-inherit elementor-widget__width-inherit elementor-widget elementor-widget-text-editor\" data-id=\"766ba04\" data-element_type=\"widget\" data-widget_type=\"text-editor.default\">\n\t\t\t\t<div class=\"elementor-widget-container\">\n\t\t\t\t\t\t\t<p>franklhes@ufpi.du.br<\/p>\t\t\t\t\t\t<\/div>\n\t\t\t\t<\/div>\n\t\t\t\t<div class=\"elementor-element elementor-element-4701175 elementor-widget elementor-widget-text-editor\" data-id=\"4701175\" data-element_type=\"widget\" data-widget_type=\"text-editor.default\">\n\t\t\t\t<div class=\"elementor-widget-container\">\n\t\t\t\t\t\t\t<p><span style=\"font-weight: 400;\">Doutorando em Ci\u00eancia da Computa\u00e7\u00e3o (UFMA\/UFPI) ,Mestre em Ci\u00eancia da Computa\u00e7\u00e3o (UFMA), Especialista em Sistemas de Informa\u00e7\u00e3o para web ( CEUT)\u00a0 e graduado em An\u00e1lise e Desenvolvimento de Sistemas ( IFPI).\u00a0 Atualmente \u00e9 professor do ensino b\u00e1sico, t\u00e9cnico e tecnol\u00f3gico da Universidade Federal do Piau\u00ed (UFPI) e Coordenador de Tutoria do Curso Superior de Licenciatura em Computa\u00e7\u00e3o, do Centro de Educa\u00e7\u00e3o Aberta e a Dist\u00e2ncia ( CEAD\/UFPI).<\/span><\/p>\t\t\t\t\t\t<\/div>\n\t\t\t\t<\/div>\n\t\t\t\t<\/div>\n\t\t\t\t<\/div>\n\t\t\t\t\t<\/div>\n\t\t\t\t<\/div>\n\t\t\t\t\t\t\t\t<\/div>\n\t\t\t\t\t\t\t\t\t\t\t<div class=\"swiper-slide\" data-slide=\"4\" role=\"group\" aria-roledescription=\"slide\" aria-label=\"4 of 9\">\n\t\t\t\t\t\t\t<div class=\"elementor-element elementor-element-0299ead e-flex e-con-boxed e-con e-child\" data-id=\"0299ead\" data-element_type=\"container\">\n\t\t\t\t\t<div class=\"e-con-inner\">\n\t\t<div class=\"elementor-element elementor-element-b04fb69 e-con-full e-flex e-con e-child\" data-id=\"b04fb69\" data-element_type=\"container\">\n\t\t\t\t<div class=\"elementor-element elementor-element-fd00649 elementor-widget-mobile__width-inherit elementor-widget elementor-widget-image\" data-id=\"fd00649\" data-element_type=\"widget\" data-widget_type=\"image.default\">\n\t\t\t\t<div class=\"elementor-widget-container\">\n\t\t\t\t\t\t\t\t\t\t\t\t\t<img loading=\"lazy\" decoding=\"async\" width=\"293\" height=\"342\" src=\"https:\/\/wticifes.com.br\/2025\/wp-content\/uploads\/sites\/3\/2025\/01\/Mask-group.png\" class=\"attachment-full size-full wp-image-1323\" alt=\"\" srcset=\"https:\/\/wticifes.com.br\/2025\/wp-content\/uploads\/sites\/3\/2025\/01\/Mask-group.png 293w, https:\/\/wticifes.com.br\/2025\/wp-content\/uploads\/sites\/3\/2025\/01\/Mask-group-257x300.png 257w\" sizes=\"(max-width: 293px) 100vw, 293px\" \/>\t\t\t\t\t\t\t\t\t\t\t\t\t<\/div>\n\t\t\t\t<\/div>\n\t\t<div class=\"elementor-element elementor-element-78e8506 e-con-full e-flex e-con e-child\" data-id=\"78e8506\" data-element_type=\"container\" data-settings=\"{&quot;background_background&quot;:&quot;classic&quot;}\">\n\t\t\t\t<div class=\"elementor-element elementor-element-e1b9fec elementor-widget-mobile__width-initial elementor-widget__width-inherit elementor-widget elementor-widget-text-editor\" data-id=\"e1b9fec\" data-element_type=\"widget\" data-widget_type=\"text-editor.default\">\n\t\t\t\t<div class=\"elementor-widget-container\">\n\t\t\t\t\t\t\t<p>Apuena Vieira Gomes<\/p>\t\t\t\t\t\t<\/div>\n\t\t\t\t<\/div>\n\t\t\t\t<div class=\"elementor-element elementor-element-13c1fd1 elementor-widget-mobile__width-initial elementor-widget__width-inherit elementor-widget elementor-widget-text-editor\" data-id=\"13c1fd1\" data-element_type=\"widget\" data-widget_type=\"text-editor.default\">\n\t\t\t\t<div class=\"elementor-widget-container\">\n\t\t\t\t\t\t\t<p>Universidade Federal do Rio Grande do Norte &#8211; UFRN<\/p>\t\t\t\t\t\t<\/div>\n\t\t\t\t<\/div>\n\t\t\t\t<div class=\"elementor-element elementor-element-00406be elementor-widget-mobile__width-inherit elementor-widget__width-inherit elementor-widget elementor-widget-text-editor\" data-id=\"00406be\" data-element_type=\"widget\" data-widget_type=\"text-editor.default\">\n\t\t\t\t<div class=\"elementor-widget-container\">\n\t\t\t\t\t\t\t<p>apuena.gomes@ufrn.br<\/p>\t\t\t\t\t\t<\/div>\n\t\t\t\t<\/div>\n\t\t\t\t<div class=\"elementor-element elementor-element-1744100 elementor-widget elementor-widget-text-editor\" data-id=\"1744100\" data-element_type=\"widget\" data-widget_type=\"text-editor.default\">\n\t\t\t\t<div class=\"elementor-widget-container\">\n\t\t\t\t\t\t\t<p>Professora titular no Instituto Metr\u00f3pole Digital &#8211; IMD da UFRN e Coordenadora de TI da SEDIS. Foi superintendente de TI da UFRN (2012-2023). Atua em forma\u00e7\u00e3o profissional, educa\u00e7\u00e3o mediada por tecnologia e compet\u00eancias digitais. Professora do Bacharelado em Tecnologia da Informa\u00e7\u00e3o e do PPGITE. Integra a equipe da Universidade Aberta do Brasil e est\u00e1 em est\u00e1gio p\u00f3s-doutoral na Universidade Aberta de Portugal.<\/p>\t\t\t\t\t\t<\/div>\n\t\t\t\t<\/div>\n\t\t\t\t<\/div>\n\t\t\t\t<\/div>\n\t\t\t\t\t<\/div>\n\t\t\t\t<\/div>\n\t\t\t\t\t\t\t\t<\/div>\n\t\t\t\t\t\t\t\t\t\t\t<div class=\"swiper-slide\" data-slide=\"5\" role=\"group\" aria-roledescription=\"slide\" aria-label=\"5 of 9\">\n\t\t\t\t\t\t\t<div class=\"elementor-element elementor-element-196dd1b e-flex e-con-boxed e-con e-child\" data-id=\"196dd1b\" data-element_type=\"container\">\n\t\t\t\t\t<div class=\"e-con-inner\">\n\t\t<div class=\"elementor-element elementor-element-851e440 e-con-full e-flex e-con e-child\" data-id=\"851e440\" data-element_type=\"container\">\n\t\t\t\t<div class=\"elementor-element elementor-element-17a9a91 elementor-widget-mobile__width-inherit elementor-widget elementor-widget-image\" data-id=\"17a9a91\" data-element_type=\"widget\" data-widget_type=\"image.default\">\n\t\t\t\t<div class=\"elementor-widget-container\">\n\t\t\t\t\t\t\t\t\t\t\t\t\t<img loading=\"lazy\" decoding=\"async\" width=\"293\" height=\"342\" src=\"https:\/\/wticifes.com.br\/2025\/wp-content\/uploads\/sites\/3\/2025\/01\/mask_group-3.webp\" class=\"attachment-full size-full wp-image-1352\" alt=\"\" srcset=\"https:\/\/wticifes.com.br\/2025\/wp-content\/uploads\/sites\/3\/2025\/01\/mask_group-3.webp 293w, https:\/\/wticifes.com.br\/2025\/wp-content\/uploads\/sites\/3\/2025\/01\/mask_group-3-257x300.webp 257w\" sizes=\"(max-width: 293px) 100vw, 293px\" \/>\t\t\t\t\t\t\t\t\t\t\t\t\t<\/div>\n\t\t\t\t<\/div>\n\t\t<div class=\"elementor-element elementor-element-f5b00ac e-con-full e-flex e-con e-child\" data-id=\"f5b00ac\" data-element_type=\"container\" data-settings=\"{&quot;background_background&quot;:&quot;classic&quot;}\">\n\t\t\t\t<div class=\"elementor-element elementor-element-220ab58 elementor-widget-mobile__width-initial elementor-widget__width-inherit elementor-widget elementor-widget-text-editor\" data-id=\"220ab58\" data-element_type=\"widget\" data-widget_type=\"text-editor.default\">\n\t\t\t\t<div class=\"elementor-widget-container\">\n\t\t\t\t\t\t\t<p>Luciano Gonda<\/p>\t\t\t\t\t\t<\/div>\n\t\t\t\t<\/div>\n\t\t\t\t<div class=\"elementor-element elementor-element-48c86d3 elementor-widget-mobile__width-initial elementor-widget__width-inherit elementor-widget elementor-widget-text-editor\" data-id=\"48c86d3\" data-element_type=\"widget\" data-widget_type=\"text-editor.default\">\n\t\t\t\t<div class=\"elementor-widget-container\">\n\t\t\t\t\t\t\t<p>Universidade Federal de Mato Grosso do Sul &#8211; UFMS<\/p>\t\t\t\t\t\t<\/div>\n\t\t\t\t<\/div>\n\t\t\t\t<div class=\"elementor-element elementor-element-89990dc elementor-widget-mobile__width-inherit elementor-widget__width-inherit elementor-widget elementor-widget-text-editor\" data-id=\"89990dc\" data-element_type=\"widget\" data-widget_type=\"text-editor.default\">\n\t\t\t\t<div class=\"elementor-widget-container\">\n\t\t\t\t\t\t\t<p>luciano.gonda@ufms.br<\/p>\t\t\t\t\t\t<\/div>\n\t\t\t\t<\/div>\n\t\t\t\t<div class=\"elementor-element elementor-element-a5f364c elementor-widget elementor-widget-text-editor\" data-id=\"a5f364c\" data-element_type=\"widget\" data-widget_type=\"text-editor.default\">\n\t\t\t\t<div class=\"elementor-widget-container\">\n\t\t\t\t\t\t\t<p>Professor Associado da Faculdade de Computa\u00e7\u00e3o da Universidade Federal de Mato Grosso do Sul. Foi Diretor de TI da UFMS de outubro de 2014 a outubro de 2024 e \u00e9 Coordenador Geral do Ponto de Presen\u00e7a (PoP\/MS) da Rede Nacional de Ensino e Pesquisa (RNP). Foi Coordenador do CGTIC\/Andifes de 2019 a 2022 e de abril a outubro de 2024. Al\u00e9m disso, foi vice coordenador do CGTIC\/Andifes de 2017 a 2019 e de 2023 a 2024. <\/p>\t\t\t\t\t\t<\/div>\n\t\t\t\t<\/div>\n\t\t\t\t<\/div>\n\t\t\t\t<\/div>\n\t\t\t\t\t<\/div>\n\t\t\t\t<\/div>\n\t\t\t\t\t\t\t\t<\/div>\n\t\t\t\t\t\t\t\t\t\t\t<div class=\"swiper-slide\" data-slide=\"6\" role=\"group\" aria-roledescription=\"slide\" aria-label=\"6 of 9\">\n\t\t\t\t\t\t\t<div class=\"elementor-element elementor-element-66e9ef5 e-flex e-con-boxed e-con e-child\" data-id=\"66e9ef5\" data-element_type=\"container\">\n\t\t\t\t\t<div class=\"e-con-inner\">\n\t\t<div class=\"elementor-element elementor-element-6e52bcb e-con-full e-flex e-con e-child\" data-id=\"6e52bcb\" data-element_type=\"container\">\n\t\t\t\t<div class=\"elementor-element elementor-element-b995296 elementor-widget-mobile__width-inherit elementor-widget elementor-widget-image\" data-id=\"b995296\" data-element_type=\"widget\" data-widget_type=\"image.default\">\n\t\t\t\t<div class=\"elementor-widget-container\">\n\t\t\t\t\t\t\t\t\t\t\t\t\t<img loading=\"lazy\" decoding=\"async\" width=\"293\" height=\"342\" src=\"https:\/\/wticifes.com.br\/2025\/wp-content\/uploads\/sites\/3\/2025\/01\/mask_group-4.webp\" class=\"attachment-full size-full wp-image-1351\" alt=\"\" srcset=\"https:\/\/wticifes.com.br\/2025\/wp-content\/uploads\/sites\/3\/2025\/01\/mask_group-4.webp 293w, https:\/\/wticifes.com.br\/2025\/wp-content\/uploads\/sites\/3\/2025\/01\/mask_group-4-257x300.webp 257w\" sizes=\"(max-width: 293px) 100vw, 293px\" \/>\t\t\t\t\t\t\t\t\t\t\t\t\t<\/div>\n\t\t\t\t<\/div>\n\t\t<div class=\"elementor-element elementor-element-e7791e6 e-con-full e-flex e-con e-child\" data-id=\"e7791e6\" data-element_type=\"container\" data-settings=\"{&quot;background_background&quot;:&quot;classic&quot;}\">\n\t\t\t\t<div class=\"elementor-element elementor-element-f330cbf elementor-widget-mobile__width-initial elementor-widget__width-inherit elementor-widget elementor-widget-text-editor\" data-id=\"f330cbf\" data-element_type=\"widget\" data-widget_type=\"text-editor.default\">\n\t\t\t\t<div class=\"elementor-widget-container\">\n\t\t\t\t\t\t\t<p>Mydi\u00e3 Falc\u00e3o Freitas<\/p>\t\t\t\t\t\t<\/div>\n\t\t\t\t<\/div>\n\t\t\t\t<div class=\"elementor-element elementor-element-403057b elementor-widget-mobile__width-initial elementor-widget__width-inherit elementor-widget elementor-widget-text-editor\" data-id=\"403057b\" data-element_type=\"widget\" data-widget_type=\"text-editor.default\">\n\t\t\t\t<div class=\"elementor-widget-container\">\n\t\t\t\t\t\t\t<p>Universidade Federal do Sul da Bahia &#8211; UFSB<\/p>\t\t\t\t\t\t<\/div>\n\t\t\t\t<\/div>\n\t\t\t\t<div class=\"elementor-element elementor-element-5af7d9d elementor-widget-mobile__width-inherit elementor-widget__width-inherit elementor-widget elementor-widget-text-editor\" data-id=\"5af7d9d\" data-element_type=\"widget\" data-widget_type=\"text-editor.default\">\n\t\t\t\t<div class=\"elementor-widget-container\">\n\t\t\t\t\t\t\t<p>mydia.freitas@ufsb.edu.br<\/p>\t\t\t\t\t\t<\/div>\n\t\t\t\t<\/div>\n\t\t\t\t<div class=\"elementor-element elementor-element-831a293 elementor-widget elementor-widget-text-editor\" data-id=\"831a293\" data-element_type=\"widget\" data-widget_type=\"text-editor.default\">\n\t\t\t\t<div class=\"elementor-widget-container\">\n\t\t\t\t\t\t\t<p>Professora Adjunta da Universidade Federal do Sul da Bahia. <br \/>Atualmente \u00e9 a superintendente de tecnologia da informa\u00e7\u00e3o da UFSB. Graduada em Ci\u00eancia da Computa\u00e7\u00e3o pela Universidade Estadual de Santa Cruz &#8211; UESC e Letras Vern\u00e1culas pela universidade Norte do Paran\u00e1 &#8211; UNOPAR, Mestre em Ci\u00eancia da Computa\u00e7\u00e3o na \u00e1rea de Engenharia de Software pela Universidade Federal da Bahia &#8211; UFBA, Doutora em Desenvolvimento e Meio Ambiente pela UESC.<\/p>\t\t\t\t\t\t<\/div>\n\t\t\t\t<\/div>\n\t\t\t\t<\/div>\n\t\t\t\t<\/div>\n\t\t\t\t\t<\/div>\n\t\t\t\t<\/div>\n\t\t\t\t\t\t\t\t<\/div>\n\t\t\t\t\t\t\t\t\t\t\t<div class=\"swiper-slide\" data-slide=\"7\" role=\"group\" aria-roledescription=\"slide\" aria-label=\"7 of 9\">\n\t\t\t\t\t\t\t<div class=\"elementor-element elementor-element-956d787 e-flex e-con-boxed e-con e-child\" data-id=\"956d787\" data-element_type=\"container\">\n\t\t\t\t\t<div class=\"e-con-inner\">\n\t\t<div class=\"elementor-element elementor-element-dec40c5 e-con-full e-flex e-con e-child\" data-id=\"dec40c5\" data-element_type=\"container\">\n\t\t\t\t<div class=\"elementor-element elementor-element-f915556 elementor-widget-mobile__width-inherit elementor-widget elementor-widget-image\" data-id=\"f915556\" data-element_type=\"widget\" data-widget_type=\"image.default\">\n\t\t\t\t<div class=\"elementor-widget-container\">\n\t\t\t\t\t\t\t\t\t\t\t\t\t<img loading=\"lazy\" decoding=\"async\" width=\"293\" height=\"342\" src=\"https:\/\/wticifes.com.br\/2025\/wp-content\/uploads\/sites\/3\/2025\/01\/mask_group-5.webp\" class=\"attachment-full size-full wp-image-1350\" alt=\"\" srcset=\"https:\/\/wticifes.com.br\/2025\/wp-content\/uploads\/sites\/3\/2025\/01\/mask_group-5.webp 293w, https:\/\/wticifes.com.br\/2025\/wp-content\/uploads\/sites\/3\/2025\/01\/mask_group-5-257x300.webp 257w\" sizes=\"(max-width: 293px) 100vw, 293px\" \/>\t\t\t\t\t\t\t\t\t\t\t\t\t<\/div>\n\t\t\t\t<\/div>\n\t\t<div class=\"elementor-element elementor-element-d0f427e e-con-full e-flex e-con e-child\" data-id=\"d0f427e\" data-element_type=\"container\" data-settings=\"{&quot;background_background&quot;:&quot;classic&quot;}\">\n\t\t\t\t<div class=\"elementor-element elementor-element-55ee98f elementor-widget-mobile__width-initial elementor-widget__width-inherit elementor-widget elementor-widget-text-editor\" data-id=\"55ee98f\" data-element_type=\"widget\" data-widget_type=\"text-editor.default\">\n\t\t\t\t<div class=\"elementor-widget-container\">\n\t\t\t\t\t\t\t<p>Walace de Sousa Elias<\/p>\t\t\t\t\t\t<\/div>\n\t\t\t\t<\/div>\n\t\t\t\t<div class=\"elementor-element elementor-element-dcc05eb elementor-widget-mobile__width-initial elementor-widget__width-inherit elementor-widget elementor-widget-text-editor\" data-id=\"dcc05eb\" data-element_type=\"widget\" data-widget_type=\"text-editor.default\">\n\t\t\t\t<div class=\"elementor-widget-container\">\n\t\t\t\t\t\t\t<p>Universidade Federal Rural da Amaz\u00f4nia &#8211; UFRA<\/p>\t\t\t\t\t\t<\/div>\n\t\t\t\t<\/div>\n\t\t\t\t<div class=\"elementor-element elementor-element-a9a02e4 elementor-widget-mobile__width-inherit elementor-widget__width-inherit elementor-widget elementor-widget-text-editor\" data-id=\"a9a02e4\" data-element_type=\"widget\" data-widget_type=\"text-editor.default\">\n\t\t\t\t<div class=\"elementor-widget-container\">\n\t\t\t\t\t\t\t<p>walace.elias@ufra.edu.br<\/p>\t\t\t\t\t\t<\/div>\n\t\t\t\t<\/div>\n\t\t\t\t<div class=\"elementor-element elementor-element-7236da0 elementor-widget elementor-widget-text-editor\" data-id=\"7236da0\" data-element_type=\"widget\" data-widget_type=\"text-editor.default\">\n\t\t\t\t<div class=\"elementor-widget-container\">\n\t\t\t\t\t\t\t<p>Professor Adjunto III da UFRA, lotado no Instituto Ciberespacial &#8211; ICIBE. Atualmente \u00e9 o Superintendente Titular da Superintend\u00eancia de Tecnologia da Informa\u00e7\u00e3o e Comunica\u00e7\u00e3o &#8211; STIC da UFRA, atuando tamb\u00e9m como Gestor de Seguran\u00e7a da Informa\u00e7\u00e3o. <br \/>Graduado em F\u00edsica pela Universidade Federal do Par\u00e1, Mestre em F\u00edsica na \u00e1rea de Teoria Qu\u00e2ntica de Campos pela UFPA e Doutor em F\u00edsica na \u00e1rea de Termodin\u00e2mica de Buracos Negros pelo Instituto de F\u00edsica da Universidade de S\u00e3o Paulo.<\/p>\t\t\t\t\t\t<\/div>\n\t\t\t\t<\/div>\n\t\t\t\t<\/div>\n\t\t\t\t<\/div>\n\t\t\t\t\t<\/div>\n\t\t\t\t<\/div>\n\t\t\t\t\t\t\t\t<\/div>\n\t\t\t\t\t\t\t\t\t\t\t<div class=\"swiper-slide\" data-slide=\"8\" role=\"group\" aria-roledescription=\"slide\" aria-label=\"8 of 9\">\n\t\t\t\t\t\t\t<div class=\"elementor-element elementor-element-e38c4fd e-flex e-con-boxed e-con e-child\" data-id=\"e38c4fd\" data-element_type=\"container\">\n\t\t\t\t\t<div class=\"e-con-inner\">\n\t\t<div class=\"elementor-element elementor-element-c4e695f e-con-full e-flex e-con e-child\" data-id=\"c4e695f\" data-element_type=\"container\">\n\t\t\t\t<div class=\"elementor-element elementor-element-58a4b6f elementor-widget-mobile__width-inherit elementor-widget elementor-widget-image\" data-id=\"58a4b6f\" data-element_type=\"widget\" data-widget_type=\"image.default\">\n\t\t\t\t<div class=\"elementor-widget-container\">\n\t\t\t\t\t\t\t\t\t\t\t\t\t<img loading=\"lazy\" decoding=\"async\" width=\"293\" height=\"342\" src=\"https:\/\/wticifes.com.br\/2025\/wp-content\/uploads\/sites\/3\/2025\/01\/mask_group-6.webp\" class=\"attachment-full size-full wp-image-1349\" alt=\"\" srcset=\"https:\/\/wticifes.com.br\/2025\/wp-content\/uploads\/sites\/3\/2025\/01\/mask_group-6.webp 293w, https:\/\/wticifes.com.br\/2025\/wp-content\/uploads\/sites\/3\/2025\/01\/mask_group-6-257x300.webp 257w\" sizes=\"(max-width: 293px) 100vw, 293px\" \/>\t\t\t\t\t\t\t\t\t\t\t\t\t<\/div>\n\t\t\t\t<\/div>\n\t\t<div class=\"elementor-element elementor-element-01c5cb3 e-con-full e-flex e-con e-child\" data-id=\"01c5cb3\" data-element_type=\"container\" data-settings=\"{&quot;background_background&quot;:&quot;classic&quot;}\">\n\t\t\t\t<div class=\"elementor-element elementor-element-72b22c5 elementor-widget-mobile__width-initial elementor-widget__width-inherit elementor-widget elementor-widget-text-editor\" data-id=\"72b22c5\" data-element_type=\"widget\" data-widget_type=\"text-editor.default\">\n\t\t\t\t<div class=\"elementor-widget-container\">\n\t\t\t\t\t\t\t<p>Roberto Rosa dos Santos<\/p>\t\t\t\t\t\t<\/div>\n\t\t\t\t<\/div>\n\t\t\t\t<div class=\"elementor-element elementor-element-3e2b729 elementor-widget-mobile__width-initial elementor-widget__width-inherit elementor-widget elementor-widget-text-editor\" data-id=\"3e2b729\" data-element_type=\"widget\" data-widget_type=\"text-editor.default\">\n\t\t\t\t<div class=\"elementor-widget-container\">\n\t\t\t\t\t\t\t<p>Univ. Fed. Ci\u00eancias da Sa\u00fade de Porto Alegre &#8211; UFCSPA<\/p>\t\t\t\t\t\t<\/div>\n\t\t\t\t<\/div>\n\t\t\t\t<div class=\"elementor-element elementor-element-5e5ea42 elementor-widget-mobile__width-inherit elementor-widget__width-inherit elementor-widget elementor-widget-text-editor\" data-id=\"5e5ea42\" data-element_type=\"widget\" data-widget_type=\"text-editor.default\">\n\t\t\t\t<div class=\"elementor-widget-container\">\n\t\t\t\t\t\t\t<p>robertor@ufcspa.edu.br<\/p>\t\t\t\t\t\t<\/div>\n\t\t\t\t<\/div>\n\t\t\t\t<div class=\"elementor-element elementor-element-5c3ee67 elementor-widget elementor-widget-text-editor\" data-id=\"5c3ee67\" data-element_type=\"widget\" data-widget_type=\"text-editor.default\">\n\t\t\t\t<div class=\"elementor-widget-container\">\n\t\t\t\t\t\t\t<p>Coordenador e Analista de TI do N\u00facleo de Tecnologia da Informa\u00e7\u00e3o na UFCSPA, atuando tamb\u00e9m como Gestor de Seguran\u00e7a da Informa\u00e7\u00e3o e Vice-Presidente do Comit\u00ea de Governan\u00e7a Digital &#8211; CGD. Graduado em Sistemas de Informa\u00e7\u00e3o, especialista em Engenharia de Sistemas e mestre em Ci\u00eancia da Computa\u00e7\u00e3o na \u00e1rea de Computa\u00e7\u00e3o gr\u00e1fica e Deep Learning.<\/p>\t\t\t\t\t\t<\/div>\n\t\t\t\t<\/div>\n\t\t\t\t<\/div>\n\t\t\t\t<\/div>\n\t\t\t\t\t<\/div>\n\t\t\t\t<\/div>\n\t\t\t\t\t\t\t\t<\/div>\n\t\t\t\t\t\t\t\t\t\t\t<div class=\"swiper-slide\" data-slide=\"9\" role=\"group\" aria-roledescription=\"slide\" aria-label=\"9 of 9\">\n\t\t\t\t\t\t\t<div class=\"elementor-element elementor-element-c634806 e-flex e-con-boxed e-con e-child\" data-id=\"c634806\" data-element_type=\"container\">\n\t\t\t\t\t<div class=\"e-con-inner\">\n\t\t<div class=\"elementor-element elementor-element-1b121c8 e-con-full e-flex e-con e-child\" data-id=\"1b121c8\" data-element_type=\"container\">\n\t\t\t\t<div class=\"elementor-element elementor-element-30272f6 elementor-widget-mobile__width-inherit elementor-widget elementor-widget-image\" data-id=\"30272f6\" data-element_type=\"widget\" data-widget_type=\"image.default\">\n\t\t\t\t<div class=\"elementor-widget-container\">\n\t\t\t\t\t\t\t\t\t\t\t\t\t<img decoding=\"async\" src=\"https:\/\/wticifes.com.br\/2025\/wp-content\/uploads\/sites\/3\/elementor\/thumbs\/Design-sem-nome-2025-07-01T085514.060-r84863yf1vvi8c28x9pny9omq4xcerajqmpr2j27nc.png\" title=\"Design sem nome &#8211; 2025-07-01T085514.060\" alt=\"Design sem nome - 2025-07-01T085514.060\" loading=\"lazy\" \/>\t\t\t\t\t\t\t\t\t\t\t\t\t<\/div>\n\t\t\t\t<\/div>\n\t\t<div class=\"elementor-element elementor-element-6e5a5c8 e-con-full e-flex e-con e-child\" data-id=\"6e5a5c8\" data-element_type=\"container\" data-settings=\"{&quot;background_background&quot;:&quot;classic&quot;}\">\n\t\t\t\t<div class=\"elementor-element elementor-element-9c7e5f8 elementor-widget-mobile__width-initial elementor-widget__width-inherit elementor-widget elementor-widget-text-editor\" data-id=\"9c7e5f8\" data-element_type=\"widget\" data-widget_type=\"text-editor.default\">\n\t\t\t\t<div class=\"elementor-widget-container\">\n\t\t\t\t\t\t\t<p>VALKIR SANTOS DA SILVA<\/p>\t\t\t\t\t\t<\/div>\n\t\t\t\t<\/div>\n\t\t\t\t<div class=\"elementor-element elementor-element-b612c68 elementor-widget-mobile__width-initial elementor-widget__width-inherit elementor-widget elementor-widget-text-editor\" data-id=\"b612c68\" data-element_type=\"widget\" data-widget_type=\"text-editor.default\">\n\t\t\t\t<div class=\"elementor-widget-container\">\n\t\t\t\t\t\t\t<p><span style=\"font-weight: 400;\">Universidade Federal do Oeste do Par\u00e1 \u2013 UFOPA<\/span><\/p>\t\t\t\t\t\t<\/div>\n\t\t\t\t<\/div>\n\t\t\t\t<div class=\"elementor-element elementor-element-4338aed elementor-widget-mobile__width-inherit elementor-widget__width-inherit elementor-widget elementor-widget-text-editor\" data-id=\"4338aed\" data-element_type=\"widget\" data-widget_type=\"text-editor.default\">\n\t\t\t\t<div class=\"elementor-widget-container\">\n\t\t\t\t\t\t\t<p><span style=\"font-weight: 400;\">valkir.silva@ufopa.edu.br<\/span><span style=\"font-weight: 400;\"><br \/><\/span><\/p>\t\t\t\t\t\t<\/div>\n\t\t\t\t<\/div>\n\t\t\t\t<div class=\"elementor-element elementor-element-ac85eeb elementor-widget elementor-widget-text-editor\" data-id=\"ac85eeb\" data-element_type=\"widget\" data-widget_type=\"text-editor.default\">\n\t\t\t\t<div class=\"elementor-widget-container\">\n\t\t\t\t\t\t\t<p><span style=\"font-weight: 400;\">Bacharel em Sistema de Informa\u00e7\u00e3o pela Universidade Federal do Par\u00e1. Analista de TI do Ctic da Ufopa. Atualmente \u00e9 Diretor de Sistemas Institucionais da Ufopa. Mestre em Ci\u00eancias Ambientais pela Ufopa. Especialista em Governan\u00e7a de TI pela Uniara-SP. J\u00e1 atuou 5 anos como Diretor do CTIC da Ufopa.<\/span><\/p>\t\t\t\t\t\t<\/div>\n\t\t\t\t<\/div>\n\t\t\t\t<\/div>\n\t\t\t\t<\/div>\n\t\t\t\t\t<\/div>\n\t\t\t\t<\/div>\n\t\t\t\t\t\t\t\t<\/div>\n\t\t\t\t\t\t\t\t<\/div>\n\t\t<\/div>\n\t\t\t\t\t<div class=\"elementor-swiper-button elementor-swiper-button-prev\" role=\"button\" tabindex=\"0\">\n\t\t\t\t<svg aria-hidden=\"true\" class=\"e-font-icon-svg e-fas-chevron-circle-left\" viewBox=\"0 0 512 512\" xmlns=\"http:\/\/www.w3.org\/2000\/svg\"><path d=\"M256 504C119 504 8 393 8 256S119 8 256 8s248 111 248 248-111 248-248 248zM142.1 273l135.5 135.5c9.4 9.4 24.6 9.4 33.9 0l17-17c9.4-9.4 9.4-24.6 0-33.9L226.9 256l101.6-101.6c9.4-9.4 9.4-24.6 0-33.9l-17-17c-9.4-9.4-24.6-9.4-33.9 0L142.1 239c-9.4 9.4-9.4 24.6 0 34z\"><\/path><\/svg>\t\t\t<\/div>\n\t\t\t<div class=\"elementor-swiper-button elementor-swiper-button-next\" role=\"button\" tabindex=\"0\">\n\t\t\t\t<svg aria-hidden=\"true\" class=\"e-font-icon-svg e-fas-chevron-circle-right\" viewBox=\"0 0 512 512\" xmlns=\"http:\/\/www.w3.org\/2000\/svg\"><path d=\"M256 8c137 0 248 111 248 248S393 504 256 504 8 393 8 256 119 8 256 8zm113.9 231L234.4 103.5c-9.4-9.4-24.6-9.4-33.9 0l-17 17c-9.4 9.4-9.4 24.6 0 33.9L285.1 256 183.5 357.6c-9.4 9.4-9.4 24.6 0 33.9l17 17c9.4 9.4 24.6 9.4 33.9 0L369.9 273c9.4-9.4 9.4-24.6 0-34z\"><\/path><\/svg>\t\t\t<\/div>\n\t\t\t\t<\/div>\n\t\t\t\t<\/div>\n\t\t\t\t\t<\/div>\n\t\t\t\t<\/div>\n\t\t<div class=\"elementor-element elementor-element-e4bbe9e e-con-full e-flex e-con e-parent\" data-id=\"e4bbe9e\" data-element_type=\"container\" data-settings=\"{&quot;background_background&quot;:&quot;gradient&quot;}\">\n\t\t<div class=\"elementor-element elementor-element-7e22c16 e-con-full e-flex e-con e-child\" data-id=\"7e22c16\" data-element_type=\"container\">\n\t\t\t\t<div class=\"elementor-element elementor-element-f4441cd elementor-widget-mobile__width-initial elementor-widget__width-inherit elementor-widget elementor-widget-image\" data-id=\"f4441cd\" data-element_type=\"widget\" data-widget_type=\"image.default\">\n\t\t\t\t<div class=\"elementor-widget-container\">\n\t\t\t\t\t\t\t\t\t\t\t\t\t<img loading=\"lazy\" decoding=\"async\" width=\"601\" height=\"700\" src=\"https:\/\/wticifes.com.br\/2025\/wp-content\/uploads\/sites\/3\/2025\/01\/Logo2-WTICIFES-3-1.png\" class=\"attachment-full size-full wp-image-1849\" alt=\"\" srcset=\"https:\/\/wticifes.com.br\/2025\/wp-content\/uploads\/sites\/3\/2025\/01\/Logo2-WTICIFES-3-1.png 601w, https:\/\/wticifes.com.br\/2025\/wp-content\/uploads\/sites\/3\/2025\/01\/Logo2-WTICIFES-3-1-258x300.png 258w\" sizes=\"(max-width: 601px) 100vw, 601px\" \/>\t\t\t\t\t\t\t\t\t\t\t\t\t<\/div>\n\t\t\t\t<\/div>\n\t\t\t\t<\/div>\n\t\t<div class=\"elementor-element elementor-element-712cc7f e-con-full e-flex e-con e-child\" data-id=\"712cc7f\" data-element_type=\"container\">\n\t\t\t\t<div class=\"elementor-element elementor-element-7c3fc7f elementor-widget elementor-widget-text-editor\" data-id=\"7c3fc7f\" data-element_type=\"widget\" data-widget_type=\"text-editor.default\">\n\t\t\t\t<div class=\"elementor-widget-container\">\n\t\t\t\t\t\t\t<p>Navega\u00e7\u00e3o<\/p>\t\t\t\t\t\t<\/div>\n\t\t\t\t<\/div>\n\t\t\t\t<div class=\"elementor-element elementor-element-f2231bf elementor-icon-list--layout-traditional elementor-list-item-link-full_width elementor-widget elementor-widget-icon-list\" data-id=\"f2231bf\" data-element_type=\"widget\" data-widget_type=\"icon-list.default\">\n\t\t\t\t<div class=\"elementor-widget-container\">\n\t\t\t\t\t<ul class=\"elementor-icon-list-items\">\n\t\t\t\t\t\t\t<li class=\"elementor-icon-list-item\">\n\t\t\t\t\t\t\t\t\t\t\t<a href=\"https:\/\/wticifes.com.br\/2025\/\">\n\n\t\t\t\t\t\t\t\t\t\t\t<span class=\"elementor-icon-list-text\">Inicio<\/span>\n\t\t\t\t\t\t\t\t\t\t\t<\/a>\n\t\t\t\t\t\t\t\t\t<\/li>\n\t\t\t\t\t\t\t\t<li class=\"elementor-icon-list-item\">\n\t\t\t\t\t\t\t\t\t\t\t<a href=\"https:\/\/wticifes.com.br\/2025\/#programacao\">\n\n\t\t\t\t\t\t\t\t\t\t\t<span class=\"elementor-icon-list-text\">Programa\u00e7\u00e3o<\/span>\n\t\t\t\t\t\t\t\t\t\t\t<\/a>\n\t\t\t\t\t\t\t\t\t<\/li>\n\t\t\t\t\t\t\t\t<li class=\"elementor-icon-list-item\">\n\t\t\t\t\t\t\t\t\t\t\t<a href=\"https:\/\/wticifes.com.br\/2025\/#palestrantes\">\n\n\t\t\t\t\t\t\t\t\t\t\t<span class=\"elementor-icon-list-text\">Palestrantes<\/span>\n\t\t\t\t\t\t\t\t\t\t\t<\/a>\n\t\t\t\t\t\t\t\t\t<\/li>\n\t\t\t\t\t\t\t\t<li class=\"elementor-icon-list-item\">\n\t\t\t\t\t\t\t\t\t\t\t<a href=\"https:\/\/wticifes.com.br\/2025\/#patrocinadores\">\n\n\t\t\t\t\t\t\t\t\t\t\t<span class=\"elementor-icon-list-text\">Patroc\u00ednios<\/span>\n\t\t\t\t\t\t\t\t\t\t\t<\/a>\n\t\t\t\t\t\t\t\t\t<\/li>\n\t\t\t\t\t\t\t\t<li class=\"elementor-icon-list-item\">\n\t\t\t\t\t\t\t\t\t\t\t<a href=\"https:\/\/wticifes.com.br\/2025\/#galeria\">\n\n\t\t\t\t\t\t\t\t\t\t\t<span class=\"elementor-icon-list-text\">Galeria de fotos<\/span>\n\t\t\t\t\t\t\t\t\t\t\t<\/a>\n\t\t\t\t\t\t\t\t\t<\/li>\n\t\t\t\t\t\t<\/ul>\n\t\t\t\t<\/div>\n\t\t\t\t<\/div>\n\t\t\t\t<\/div>\n\t\t<div class=\"elementor-element elementor-element-e12c74d e-con-full e-flex e-con e-child\" data-id=\"e12c74d\" data-element_type=\"container\">\n\t\t\t\t<div class=\"elementor-element elementor-element-a87d3d7 elementor-widget elementor-widget-text-editor\" data-id=\"a87d3d7\" data-element_type=\"widget\" data-widget_type=\"text-editor.default\">\n\t\t\t\t<div class=\"elementor-widget-container\">\n\t\t\t\t\t\t\tContate-nos\t\t\t\t\t\t<\/div>\n\t\t\t\t<\/div>\n\t\t\t\t<div class=\"elementor-element elementor-element-4a04b40 elementor-icon-list--layout-traditional elementor-list-item-link-full_width elementor-widget elementor-widget-icon-list\" data-id=\"4a04b40\" data-element_type=\"widget\" data-widget_type=\"icon-list.default\">\n\t\t\t\t<div class=\"elementor-widget-container\">\n\t\t\t\t\t<ul class=\"elementor-icon-list-items\">\n\t\t\t\t\t\t\t<li class=\"elementor-icon-list-item\">\n\t\t\t\t\t\t\t\t\t\t\t<span class=\"elementor-icon-list-icon\">\n\t\t\t\t\t\t\t<svg xmlns=\"http:\/\/www.w3.org\/2000\/svg\" width=\"26\" height=\"24\" viewBox=\"0 0 26 24\" fill=\"none\"><g clip-path=\"url(#clip0_78_653)\"><path d=\"M20.0198 1.78027H5.5508C4.1808 1.78174 2.86738 2.26934 1.89864 3.1361C0.929901 4.00287 0.384942 5.17804 0.383301 6.40383L0.383301 17.5004C0.384942 18.7262 0.929901 19.9013 1.89864 20.7681C2.86738 21.6349 4.1808 22.1224 5.5508 22.1239H20.0198C21.3898 22.1224 22.7032 21.6349 23.672 20.7681C24.6407 19.9013 25.1857 18.7262 25.1873 17.5004V6.40383C25.1857 5.17804 24.6407 4.00287 23.672 3.1361C22.7032 2.26934 21.3898 1.78174 20.0198 1.78027ZM5.5508 3.6297H20.0198C20.6387 3.63078 21.243 3.79754 21.755 4.10851C22.267 4.41949 22.6634 4.86044 22.8929 5.37463L14.9784 12.457C14.3959 12.976 13.6074 13.2675 12.7853 13.2675C11.9632 13.2675 11.1747 12.976 10.5922 12.457L2.67767 5.37463C2.90726 4.86044 3.30357 4.41949 3.81561 4.10851C4.32764 3.79754 4.93196 3.63078 5.5508 3.6297ZM20.0198 20.2745H5.5508C4.7285 20.2745 3.93988 19.9822 3.35842 19.462C2.77696 18.9417 2.4503 18.2361 2.4503 17.5004V7.7909L9.13085 13.7645C10.1009 14.6303 11.4152 15.1165 12.7853 15.1165C14.1555 15.1165 15.4697 14.6303 16.4398 13.7645L23.1203 7.7909V17.5004C23.1203 18.2361 22.7937 18.9417 22.2122 19.462C21.6307 19.9822 20.8421 20.2745 20.0198 20.2745Z\" fill=\"white\"><\/path><\/g><defs><clipPath id=\"clip0_78_653\"><rect width=\"24.804\" height=\"22.1931\" fill=\"white\" transform=\"translate(0.383301 0.856445)\"><\/rect><\/clipPath><\/defs><\/svg>\t\t\t\t\t\t<\/span>\n\t\t\t\t\t\t\t\t\t\t<span class=\"elementor-icon-list-text\">wticifes.ufopa@edu.br<\/span>\n\t\t\t\t\t\t\t\t\t<\/li>\n\t\t\t\t\t\t\t\t<li class=\"elementor-icon-list-item\">\n\t\t\t\t\t\t\t\t\t\t<span class=\"elementor-icon-list-text\">Rafael Rodrigo dos Santos Miranda - UFOPA<\/span>\n\t\t\t\t\t\t\t\t\t<\/li>\n\t\t\t\t\t\t\t\t<li class=\"elementor-icon-list-item\">\n\t\t\t\t\t\t\t\t\t\t<span class=\"elementor-icon-list-text\">Wallace de Sousa Elias - UFRA<\/span>\n\t\t\t\t\t\t\t\t\t<\/li>\n\t\t\t\t\t\t\t\t<li class=\"elementor-icon-list-item\">\n\t\t\t\t\t\t\t\t\t\t<span class=\"elementor-icon-list-text\">Zenaide Carvalho da Silva - UNIFESSPA<\/span>\n\t\t\t\t\t\t\t\t\t<\/li>\n\t\t\t\t\t\t\t\t<li class=\"elementor-icon-list-item\">\n\t\t\t\t\t\t\t\t\t\t<span class=\"elementor-icon-list-text\">Marco Aur\u00e9lio Capella - UFPA<\/span>\n\t\t\t\t\t\t\t\t\t<\/li>\n\t\t\t\t\t\t<\/ul>\n\t\t\t\t<\/div>\n\t\t\t\t<\/div>\n\t\t\t\t<\/div>\n\t\t<div class=\"elementor-element elementor-element-2987bb9 e-con-full e-flex e-con e-child\" data-id=\"2987bb9\" data-element_type=\"container\">\n\t\t\t\t<div class=\"elementor-element elementor-element-d032056 elementor-widget__width-initial elementor-hidden-mobile elementor-widget elementor-widget-image\" data-id=\"d032056\" data-element_type=\"widget\" data-widget_type=\"image.default\">\n\t\t\t\t<div class=\"elementor-widget-container\">\n\t\t\t\t\t\t\t\t\t\t\t\t\t<img loading=\"lazy\" decoding=\"async\" width=\"1294\" height=\"2\" src=\"https:\/\/wticifes.com.br\/2025\/wp-content\/uploads\/sites\/3\/2024\/12\/Line-3.png\" class=\"attachment-full size-full wp-image-86\" alt=\"\" srcset=\"https:\/\/wticifes.com.br\/2025\/wp-content\/uploads\/sites\/3\/2024\/12\/Line-3.png 1294w, https:\/\/wticifes.com.br\/2025\/wp-content\/uploads\/sites\/3\/2024\/12\/Line-3-300x1.png 300w, https:\/\/wticifes.com.br\/2025\/wp-content\/uploads\/sites\/3\/2024\/12\/Line-3-1024x2.png 1024w, https:\/\/wticifes.com.br\/2025\/wp-content\/uploads\/sites\/3\/2024\/12\/Line-3-150x2.png 150w, https:\/\/wticifes.com.br\/2025\/wp-content\/uploads\/sites\/3\/2024\/12\/Line-3-768x1.png 768w\" sizes=\"(max-width: 1294px) 100vw, 1294px\" \/>\t\t\t\t\t\t\t\t\t\t\t\t\t<\/div>\n\t\t\t\t<\/div>\n\t\t\t\t<div class=\"elementor-element elementor-element-14973dd elementor-widget elementor-widget-text-editor\" data-id=\"14973dd\" data-element_type=\"widget\" data-widget_type=\"text-editor.default\">\n\t\t\t\t<div class=\"elementor-widget-container\">\n\t\t\t\t\t\t\t<p>Copyright \u00a92024 Todos os direitos reservados | WITICIFES 2025<\/p>\t\t\t\t\t\t<\/div>\n\t\t\t\t<\/div>\n\t\t<div class=\"elementor-element elementor-element-454e430 e-con-full e-flex e-con e-child\" data-id=\"454e430\" data-element_type=\"container\">\n\t\t\t\t<div class=\"elementor-element elementor-element-e81fb17 elementor-widget__width-initial elementor-widget elementor-widget-text-editor\" data-id=\"e81fb17\" data-element_type=\"widget\" data-widget_type=\"text-editor.default\">\n\t\t\t\t<div class=\"elementor-widget-container\">\n\t\t\t\t\t\t\t<p>desenvolvido por<\/p>\t\t\t\t\t\t<\/div>\n\t\t\t\t<\/div>\n\t\t\t\t<div class=\"elementor-element elementor-element-c5ad94d elementor-widget__width-initial elementor-widget-mobile__width-initial elementor-widget elementor-widget-image\" data-id=\"c5ad94d\" data-element_type=\"widget\" data-widget_type=\"image.default\">\n\t\t\t\t<div class=\"elementor-widget-container\">\n\t\t\t\t\t\t\t\t\t\t\t\t\t<img loading=\"lazy\" decoding=\"async\" width=\"273\" height=\"78\" src=\"https:\/\/wticifes.com.br\/2025\/wp-content\/uploads\/sites\/3\/2025\/01\/Logotipo-Lugenius-Branco-1.png\" class=\"attachment-full size-full wp-image-1925\" alt=\"\" \/>\t\t\t\t\t\t\t\t\t\t\t\t\t<\/div>\n\t\t\t\t<\/div>\n\t\t\t\t<\/div>\n\t\t\t\t<\/div>\n\t\t\t\t<\/div>\n\t\t\t\t<\/div>\n\t\t","protected":false},"excerpt":{"rendered":"<p>O Papel do comit\u00ea cient\u00edfico O comit\u00ea cient\u00edfico do WTICIFES \u00e9 respons\u00e1vel pela coordena\u00e7\u00e3o da estrutura cient\u00edfica do evento, abrangendo a sele\u00e7\u00e3o e avalia\u00e7\u00e3o dos trabalhos submetidos, a defini\u00e7\u00e3o dos temas e eixos tem\u00e1ticos a serem abordados, al\u00e9m de apoiar e conduzir as apresenta\u00e7\u00f5es orais e os pain\u00e9is dos trabalhos aprovados durante as sess\u00f5es t\u00e9cnicas. [&hellip;]<\/p>\n","protected":false},"author":1,"featured_media":0,"parent":0,"menu_order":0,"comment_status":"closed","ping_status":"closed","template":"elementor_canvas","meta":{"_eb_attr":"","footnotes":""},"class_list":["post-1300","page","type-page","status-publish","hentry"],"_links":{"self":[{"href":"https:\/\/wticifes.com.br\/2025\/wp-json\/wp\/v2\/pages\/1300","targetHints":{"allow":["GET"]}}],"collection":[{"href":"https:\/\/wticifes.com.br\/2025\/wp-json\/wp\/v2\/pages"}],"about":[{"href":"https:\/\/wticifes.com.br\/2025\/wp-json\/wp\/v2\/types\/page"}],"author":[{"embeddable":true,"href":"https:\/\/wticifes.com.br\/2025\/wp-json\/wp\/v2\/users\/1"}],"replies":[{"embeddable":true,"href":"https:\/\/wticifes.com.br\/2025\/wp-json\/wp\/v2\/comments?post=1300"}],"version-history":[{"count":392,"href":"https:\/\/wticifes.com.br\/2025\/wp-json\/wp\/v2\/pages\/1300\/revisions"}],"predecessor-version":[{"id":3183,"href":"https:\/\/wticifes.com.br\/2025\/wp-json\/wp\/v2\/pages\/1300\/revisions\/3183"}],"wp:attachment":[{"href":"https:\/\/wticifes.com.br\/2025\/wp-json\/wp\/v2\/media?parent=1300"}],"curies":[{"name":"wp","href":"https:\/\/api.w.org\/{rel}","templated":true}]}}